{"id":620,"date":"2021-03-09T15:21:39","date_gmt":"2021-03-09T14:21:39","guid":{"rendered":"http:\/\/axohm.com\/?page_id=620"},"modified":"2021-08-19T10:08:07","modified_gmt":"2021-08-19T08:08:07","slug":"la-fin-du-rtc","status":"publish","type":"page","link":"http:\/\/axohm.com\/index.php\/la-fin-du-rtc\/","title":{"rendered":"La fin du RTC"},"content":{"rendered":"\n<h2 class=\"has-large-font-size wp-block-heading\">LA FIN DU RTC EN 5 QUESTIONS<\/h2>\n\n\n\n<figure class=\"wp-block-video\"><video height=\"1080\" style=\"aspect-ratio: 1920 \/ 1080;\" width=\"1920\" controls src=\"http:\/\/axohm.com\/wp-content\/uploads\/2021\/03\/Pourquoi-la-fin-du-RTC-1.mp4\"><\/video><\/figure>\n\n\n\n<ul class=\"wp-block-list\" style=\"font-size:30px\"><li><strong>Qu&rsquo;est-ce que le RTC ?<\/strong><\/li><\/ul>\n\n\n\n<p style=\"font-size:22px\">Le&nbsp;R\u00e9seau T\u00e9l\u00e9phonique Commut\u00e9, est la technologie qui supportait les appels t\u00e9l\u00e9phoniques au cours de ann\u00e9es 80. Elle \u00e9tait symbolis\u00e9e par la fameuse prise \u201cT\u201d pr\u00e9sente dans la quasi-totalit\u00e9 des foyers fran\u00e7ais.<\/p>\n\n\n\n<ul class=\"wp-block-list\" style=\"font-size:30px\"><li><strong>Pourquoi le RTC prend fin ?<\/strong><\/li><\/ul>\n\n\n\n<p class=\"has-text-align-left\" style=\"font-size:22px\">Depuis 20 ans, le RTC est de moins en moins utilis\u00e9. En effet, la t\u00e9l\u00e9phonie passe d\u00e9sormais par la box Internet. La technologie de voix sur IP (VOIP), rend donc inutilisable les vieux t\u00e9l\u00e9phones de l&rsquo;\u00e9poque.<\/p>\n\n\n\n<p class=\"has-text-align-left\" style=\"font-size:22px\">Ceux-ci ne peuvent pas \u00eatre branch\u00e9s sur la box mais uniquement sur la prise T. Inutile de pr\u00e9ciser que l\u2019ampleur prise par la t\u00e9l\u00e9phonie mobile a aussi diminu\u00e9 l\u2019importance d\u2019une ligne fixe pour les particuliers.<\/p>\n\n\n\n<ul class=\"wp-block-list\" style=\"font-size:30px\"><li><strong>Qui est impact\u00e9 par ce changement de technologie ?<\/strong><\/li><\/ul>\n\n\n\n<p style=\"font-size:22px\">Les t\u00e9l\u00e9phones fixes branch\u00e9s sur une prise murale en T, lignes pour le fax, les syst\u00e8mes de protection et les terminaux de paiement. Sont donc concern\u00e9s les professionnels et particuliers.<\/p>\n\n\n\n<ul class=\"wp-block-list\" style=\"font-size:30px\"><li><strong>Va-t-on vers un arr\u00eat du t\u00e9l\u00e9phone fixe ?<\/strong><\/li><\/ul>\n\n\n\n<p style=\"font-size:22px\">Nous n&rsquo;en sommes pas encore l\u00e0 ! Au lieu de brancher son t\u00e9l\u00e9phone fixe sur une prise murale en T, il sera connect\u00e9 sur un boitier interm\u00e9diaire qui fera passer l&rsquo;utilisateur d&rsquo;un r\u00e9seau analogique (le RTC) au r\u00e9seau num\u00e9rique (IP).<\/p>\n\n\n\n<ul class=\"wp-block-list\" style=\"font-size:30px\"><li><strong>Quelles sont les \u00e9tapes du basculement vers la VoIP&nbsp;?<\/strong><\/li><\/ul>\n\n\n\n<div class=\"wp-block-image is-style-default\"><figure class=\"aligncenter size-large is-resized\"><img fetchpriority=\"high\" decoding=\"async\" src=\"http:\/\/axohm.com\/wp-content\/uploads\/2021\/03\/BANNIERS-SITE-CONCEPTA-12-1-1024x294.png\" alt=\"\" class=\"wp-image-663\" width=\"1106\" height=\"318\" srcset=\"http:\/\/axohm.com\/wp-content\/uploads\/2021\/03\/BANNIERS-SITE-CONCEPTA-12-1-1024x294.png 1024w, http:\/\/axohm.com\/wp-content\/uploads\/2021\/03\/BANNIERS-SITE-CONCEPTA-12-1-300x86.png 300w, http:\/\/axohm.com\/wp-content\/uploads\/2021\/03\/BANNIERS-SITE-CONCEPTA-12-1-768x221.png 768w, http:\/\/axohm.com\/wp-content\/uploads\/2021\/03\/BANNIERS-SITE-CONCEPTA-12-1-209x60.png 209w, http:\/\/axohm.com\/wp-content\/uploads\/2021\/03\/BANNIERS-SITE-CONCEPTA-12-1.png 1524w\" sizes=\"(max-width: 1106px) 100vw, 1106px\" \/><\/figure><\/div>\n\n\n\n<p class=\"has-text-align-center has-luminous-vivid-orange-color has-text-color\" style=\"font-size:22px\">Retrouvez toutes les communes concern\u00e9es sur le site d&rsquo;Orange :<br><a href=\"https:\/\/reseaux.orange.fr\/territoire-connecte\/modernisation-telephone-fixe\" target=\"_blank\" rel=\"noreferrer noopener\">https:\/\/reseaux.orange.fr\/territoire-connecte\/modernisation-telephone-fixe<\/a><\/p>\n\n\n\n<p class=\"has-text-align-center\" style=\"font-size:25px\">Vous avez une question ?<br>Contactez-nous au <strong>01 69 79 69 59<\/strong><br><\/p>\n\n\n\n<hr class=\"wp-block-separator is-style-wide\"\/>\n\n\n\n<h2 class=\"wp-block-heading\" style=\"font-size:28px\"><strong>VOUS<\/strong>&nbsp;AVEZ UN PROJET ?<\/h2>\n\n\n\n<p style=\"font-size:28px\">CONTACTEZ-NOUS, NOUS POUVONS VOUS AIDER !<\/p>\n\n\n\n<div class=\"wp-block-buttons is-layout-flex wp-block-buttons-is-layout-flex\">\n<div class=\"wp-block-button\"><a class=\"wp-block-button__link\" href=\"http:\/\/axohm.com\/index.php\/contact\/\">Contactez-nous !<\/a><\/div>\n<\/div>\n\n\n\n<hr class=\"wp-block-separator is-style-wide\"\/>\n","protected":false},"excerpt":{"rendered":"<p>LA FIN DU RTC EN 5 QUESTIONS Qu&rsquo;est-ce que le RTC ? Le&nbsp;R\u00e9seau T\u00e9l\u00e9phonique Commut\u00e9, est la technologie qui supportait les appels t\u00e9l\u00e9phoniques au cours de ann\u00e9es 80. Elle \u00e9tait symbolis\u00e9e par la fameuse prise \u201cT\u201d pr\u00e9sente dans la quasi-totalit\u00e9 des foyers fran\u00e7ais. Pourquoi le RTC prend fin ? Depuis &hellip; <\/p>\n","protected":false},"author":1,"featured_media":0,"parent":0,"menu_order":0,"comment_status":"closed","ping_status":"closed","template":"","meta":{"footnotes":""},"class_list":["post-620","page","type-page","status-publish","hentry"],"aioseo_notices":[],"_links":{"self":[{"href":"http:\/\/axohm.com\/index.php\/wp-json\/wp\/v2\/pages\/620","targetHints":{"allow":["GET"]}}],"collection":[{"href":"http:\/\/axohm.com\/index.php\/wp-json\/wp\/v2\/pages"}],"about":[{"href":"http:\/\/axohm.com\/index.php\/wp-json\/wp\/v2\/types\/page"}],"author":[{"embeddable":true,"href":"http:\/\/axohm.com\/index.php\/wp-json\/wp\/v2\/users\/1"}],"replies":[{"embeddable":true,"href":"http:\/\/axohm.com\/index.php\/wp-json\/wp\/v2\/comments?post=620"}],"version-history":[{"count":0,"href":"http:\/\/axohm.com\/index.php\/wp-json\/wp\/v2\/pages\/620\/revisions"}],"wp:attachment":[{"href":"http:\/\/axohm.com\/index.php\/wp-json\/wp\/v2\/media?parent=620"}],"curies":[{"name":"wp","href":"https:\/\/api.w.org\/{rel}","templated":true}]}}